{"id":249,"date":"2021-09-21T17:34:51","date_gmt":"2021-09-21T15:34:51","guid":{"rendered":"http:\/\/proficon.monty.com\/?page_id=249"},"modified":"2021-10-08T00:24:19","modified_gmt":"2021-10-07T22:24:19","slug":"epitkezes","status":"publish","type":"page","link":"https:\/\/www.proficon.sk\/hu\/epitkezes\/","title":{"rendered":"\u00c9p\u00edtkez\u00e9s"},"content":{"rendered":"\n<section id=\"dizajn-blokk\" class=\"wp-block-group fy-section fy-section--block is-layout-flow wp-block-group-is-layout-flow\">\n<header class=\"wp-block-group fy-section__header is-layout-flow wp-block-group-is-layout-flow\">\n<div class=\"wp-block-group fy-section__number is-layout-flow wp-block-group-is-layout-flow\">\n<p class=\"has-text-align-center\">1<\/p>\n<\/div>\n\n\n\n<h2 class=\"has-text-align-center wp-block-heading\"><strong>Diz\u00e1jn blokk<\/strong><\/h2>\n<\/header>\n\n\n\n<div class=\"wp-block-group fy-section__content fy-centerer-75 is-layout-flow wp-block-group-is-layout-flow\">\n<p class=\"has-text-align-center\">A saj\u00e1t forradalmian \u00faj diz\u00e1jn blokkunkat els\u0151sorban a nem lak\u00e1sc\u00e9l\u00fa \u00e9p\u00fcletek, szigetel\u00e9s n\u00e9lk\u00fcli rakt\u00e1rak, gar\u00e1zsok, csarnokok, ker\u00edt\u00e9sek \u00e9s uszod\u00e1k \u00e9p\u00edt\u00e9s\u00e9re sz\u00e1njuk. Kiv\u00e1l\u00f3 min\u0151s\u00e9g\u0171 l\u00e1tsz\u00f3betonb\u00f3l k\u00e9sz\u00fcl, amelynek fel\u00fclete a m\u00e1rv\u00e1nyhoz hasonl\u00edt. Ennek k\u00f6sz\u00f6nhet\u0151en nincs sz\u00fcks\u00e9g penetr\u00e1ci\u00f3s r\u00e9tegre, ragaszt\u00f3ra, meger\u0151s\u00edt\u0151 h\u00e1l\u00f3ra, vakolatra vagy fest\u00e9kre. Ezzel jelent\u0151s anyagi megtakar\u00edt\u00e1st \u00e9rhet el, valamint a befejez\u0151 munk\u00e1ra ford\u00edtott id\u0151t is megtakar\u00edtja.<\/p>\n<\/div>\n\n\n\n<div class=\"wp-block-group fy-section__subtitle fy-section__subtitle--center is-layout-flow wp-block-group-is-layout-flow\">\n<p class=\"has-text-align-center\">A blokk el\u0151nyei<\/p>\n<\/div>\n\n\n\n<div class=\"wp-block-columns fy-section__schema is-layout-flex wp-container-core-columns-is-layout-1 wp-block-columns-is-layout-flex\">\n<div class=\"wp-block-column is-vertically-aligned-center is-layout-flow wp-block-column-is-layout-flow\" style=\"flex-basis:25%\">\n<h3 class=\"wp-block-heading\">Egyszer\u0171 \u00f6sszeszerel\u00e9s sz\u00e1razan<\/h3>\n\n\n\n<h3 class=\"wp-block-heading\">K\u00f6nnyen tapad\u00f3 vakolat<\/h3>\n\n\n\n<h3 class=\"wp-block-heading\">Zsaluzat, id\u0151 \u00e9s k\u00f6lts\u00e9g megtakar\u00edt\u00e1s<\/h3>\n<\/div>\n\n\n\n<div class=\"wp-block-column is-vertically-aligned-center is-layout-flow wp-block-column-is-layout-flow\" style=\"flex-basis:50%\">\n<figure class=\"wp-block-image size-full\"><img decoding=\"async\" src=\"data:image\/svg+xml,%3Csvg%20width%3D%22800%22%20height%3D%22760%22%20xmlns%3D%22http:\/\/www.w3.org\/2000\/svg%22%20viewBox%3D%220%200%20800%20760%22%3E%3C\/svg%3E\" alt=\"Dizajnov\u00e1 tv\u00e1rnica\" class=\"wp-image-328 fy-content__image fy-lazy js-lazy\" width=\"800\" height=\"760\" data-src=\"https:\/\/www.proficon.sk\/hu\/wp-content\/uploads\/sites\/3\/2021\/09\/proficon-stavba-dizajnova-tvarnica.png\"><div class=\"fy-image-loading fy-image-loading--skeleton\" aria-hidden=\"true\"><\/div>\n<\/figure>\n<\/div>\n\n\n\n<div class=\"wp-block-column is-vertically-aligned-center is-layout-flow wp-block-column-is-layout-flow\" style=\"flex-basis:25%\">\n<h3 class=\"has-text-align-right wp-block-heading\">Pontos elhelyez\u00e9s<\/h3>\n\n\n\n<h3 class=\"has-text-align-right wp-block-heading\">Testreszab\u00e1s lehet\u0151s\u00e9ge a f\u00far\u00e1ssal, v\u00e1g\u00e1ssal \u00e9s mar\u00e1ssal<\/h3>\n<\/div>\n<\/div>\n<\/section>\n\n\n\n<section class=\"wp-block-group alignfull fy-section fy-section--block is-layout-flow wp-block-group-is-layout-flow\">\n<header class=\"wp-block-group fy-section__header fy-section__header--dots is-layout-flow wp-block-group-is-layout-flow\">\n<div class=\"wp-block-group fy-section__number is-layout-flow wp-block-group-is-layout-flow\">\n<p class=\"has-text-align-center\">2<\/p>\n<\/div>\n\n\n\n<h2 class=\"has-text-align-center wp-block-heading\"><strong>Proficon ker\u00edt\u00e9s rendszer<\/strong><\/h2>\n<\/header>\n\n\n\n<div class=\"wp-block-cover has-background-dim fy-section__cover fy-section__cover--gradient-top fy-section__cover--gradient-bottom\"><img decoding=\"async\" class=\"wp-block-cover__image-background wp-image-331 fy-content__image fy-lazy js-lazy\" alt src=\"data:image\/svg+xml,%3Csvg%20width%3D%221920%22%20height%3D%221080%22%20xmlns%3D%22http:\/\/www.w3.org\/2000\/svg%22%20viewBox%3D%220%200%201920%201080%22%3E%3C\/svg%3E\" data-object-fit=\"cover\" width=\"1920\" height=\"1080\" data-src=\"https:\/\/www.proficon.sk\/hu\/wp-content\/uploads\/sites\/3\/2021\/09\/proficon-stavba-plotovy-system.jpg\"><div class=\"fy-image-loading fy-image-loading--skeleton\" aria-hidden=\"true\"><\/div>\n<div class=\"wp-block-cover__inner-container is-layout-flow wp-block-cover-is-layout-flow\">\n<div class=\"wp-block-columns fy-section__schema is-layout-flex wp-container-core-columns-is-layout-2 wp-block-columns-is-layout-flex\">\n<div class=\"wp-block-column is-vertically-aligned-center is-layout-flow wp-block-column-is-layout-flow\" style=\"flex-basis:33.33%\">\n<h3 class=\"wp-block-heading\">\u00c9p\u00edtsen gyorsan \u00e9s egyszer\u0171en a diz\u00e1jn blokkunkkal.<\/h3>\n\n\n\n<p>Nem csak sok p\u00e9nzt \u00e9s sok id\u0151t takar\u00edt meg a befejez\u0151 munk\u00e1kkal, de j\u00f3l is fog kin\u00e9zni. A ker\u00edt\u00e9se olyan hat\u00e1st kelt, mint ha m\u00e1rv\u00e1nyb\u00f3l lenne.<\/p>\n\n\n\n<div class=\"wp-block-buttons is-layout-flex wp-block-buttons-is-layout-flex\">\n<div class=\"wp-block-button\"><a class=\"wp-block-button__link\" href=\"#kapcsolat\"><strong>\u00c9rdekel a term\u00e9k<\/strong><\/a><\/div>\n<\/div>\n<\/div>\n\n\n\n<div class=\"wp-block-column is-vertically-aligned-center is-layout-flow wp-block-column-is-layout-flow\" style=\"flex-basis:66.66%\"><\/div>\n<\/div>\n\n\n\n<figure class=\"wp-block-gallery columns-4 is-cropped wp-block-gallery-1 is-layout-flex wp-block-gallery-is-layout-flex\"><ul class=\"blocks-gallery-grid\"><li class=\"blocks-gallery-item\"><figure><a href=\"https:\/\/www.proficon.sk\/hu\/wp-content\/uploads\/sites\/3\/2021\/09\/proficon-plotovy-system-01.jpg\" data-size=\"1280x720\" class=\"js-image\"><img decoding=\"async\" width=\"1024\" height=\"576\" src=\"https:\/\/www.proficon.sk\/hu\/wp-content\/uploads\/sites\/3\/2021\/09\/proficon-plotovy-system-01-1024x576.jpg\" alt=\"Plotov\u00fd syst\u00e9m Proficon\" data-id=\"332\" data-full-url=\"https:\/\/www.proficon.sk\/hu\/wp-content\/uploads\/sites\/3\/2021\/09\/proficon-plotovy-system-01.jpg\" data-link=\"https:\/\/www.proficon.sk\/stavba\/proficon-plotovy-system-01\/\" class=\"wp-image-332 fy-content__image fy-lazy js-lazy\" data-src=\"https:\/\/www.proficon.sk\/hu\/wp-content\/uploads\/sites\/3\/2021\/09\/proficon-plotovy-system-01-1024x576.jpg\" srcset=\"https:\/\/www.proficon.sk\/hu\/wp-content\/uploads\/sites\/3\/2021\/09\/proficon-plotovy-system-01-1024x576.jpg 1024w, https:\/\/www.proficon.sk\/hu\/wp-content\/uploads\/sites\/3\/2021\/09\/proficon-plotovy-system-01-300x169.jpg 300w, https:\/\/www.proficon.sk\/hu\/wp-content\/uploads\/sites\/3\/2021\/09\/proficon-plotovy-system-01-768x432.jpg 768w, https:\/\/www.proficon.sk\/hu\/wp-content\/uploads\/sites\/3\/2021\/09\/proficon-plotovy-system-01.jpg 1280w\" sizes=\"(max-width: 1024px) 100vw, 1024px\" \/><div class=\"fy-image-loading fy-image-loading--skeleton\" aria-hidden=\"true\"><\/div>\n<\/a><\/figure><\/li><li class=\"blocks-gallery-item\"><figure><a href=\"https:\/\/www.proficon.sk\/hu\/wp-content\/uploads\/sites\/3\/2021\/09\/proficon-plotovy-system-02.jpg\" data-size=\"1280x720\" class=\"js-image\"><img decoding=\"async\" width=\"1024\" height=\"576\" src=\"https:\/\/www.proficon.sk\/hu\/wp-content\/uploads\/sites\/3\/2021\/09\/proficon-plotovy-system-02-1024x576.jpg\" alt=\"Plotov\u00fd syst\u00e9m Proficon\" data-id=\"333\" data-full-url=\"https:\/\/www.proficon.sk\/hu\/wp-content\/uploads\/sites\/3\/2021\/09\/proficon-plotovy-system-02.jpg\" data-link=\"https:\/\/www.proficon.sk\/stavba\/proficon-plotovy-system-02\/\" class=\"wp-image-333 fy-content__image fy-lazy js-lazy\" data-src=\"https:\/\/www.proficon.sk\/hu\/wp-content\/uploads\/sites\/3\/2021\/09\/proficon-plotovy-system-02-1024x576.jpg\" srcset=\"https:\/\/www.proficon.sk\/hu\/wp-content\/uploads\/sites\/3\/2021\/09\/proficon-plotovy-system-02-1024x576.jpg 1024w, https:\/\/www.proficon.sk\/hu\/wp-content\/uploads\/sites\/3\/2021\/09\/proficon-plotovy-system-02-300x169.jpg 300w, https:\/\/www.proficon.sk\/hu\/wp-content\/uploads\/sites\/3\/2021\/09\/proficon-plotovy-system-02-768x432.jpg 768w, https:\/\/www.proficon.sk\/hu\/wp-content\/uploads\/sites\/3\/2021\/09\/proficon-plotovy-system-02.jpg 1280w\" sizes=\"(max-width: 1024px) 100vw, 1024px\" \/><div class=\"fy-image-loading fy-image-loading--skeleton\" aria-hidden=\"true\"><\/div>\n<\/a><\/figure><\/li><li class=\"blocks-gallery-item\"><figure><a href=\"https:\/\/www.proficon.sk\/hu\/wp-content\/uploads\/sites\/3\/2021\/09\/proficon-plotovy-system-03.jpg\" data-size=\"1280x720\" class=\"js-image\"><img decoding=\"async\" width=\"1024\" height=\"576\" src=\"https:\/\/www.proficon.sk\/hu\/wp-content\/uploads\/sites\/3\/2021\/09\/proficon-plotovy-system-03-1024x576.jpg\" alt=\"Plotov\u00fd syst\u00e9m Proficon\" data-id=\"334\" data-full-url=\"https:\/\/www.proficon.sk\/hu\/wp-content\/uploads\/sites\/3\/2021\/09\/proficon-plotovy-system-03.jpg\" data-link=\"https:\/\/www.proficon.sk\/stavba\/proficon-plotovy-system-03\/\" class=\"wp-image-334 fy-content__image fy-lazy js-lazy\" data-src=\"https:\/\/www.proficon.sk\/hu\/wp-content\/uploads\/sites\/3\/2021\/09\/proficon-plotovy-system-03-1024x576.jpg\" srcset=\"https:\/\/www.proficon.sk\/hu\/wp-content\/uploads\/sites\/3\/2021\/09\/proficon-plotovy-system-03-1024x576.jpg 1024w, https:\/\/www.proficon.sk\/hu\/wp-content\/uploads\/sites\/3\/2021\/09\/proficon-plotovy-system-03-300x169.jpg 300w, https:\/\/www.proficon.sk\/hu\/wp-content\/uploads\/sites\/3\/2021\/09\/proficon-plotovy-system-03-768x432.jpg 768w, https:\/\/www.proficon.sk\/hu\/wp-content\/uploads\/sites\/3\/2021\/09\/proficon-plotovy-system-03.jpg 1280w\" sizes=\"(max-width: 1024px) 100vw, 1024px\" \/><div class=\"fy-image-loading fy-image-loading--skeleton\" aria-hidden=\"true\"><\/div>\n<\/a><\/figure><\/li><li class=\"blocks-gallery-item\"><figure><a href=\"https:\/\/www.proficon.sk\/hu\/wp-content\/uploads\/sites\/3\/2021\/09\/proficon-plotovy-system-04.jpg\" data-size=\"1280x720\" class=\"js-image\"><img decoding=\"async\" width=\"1024\" height=\"576\" src=\"https:\/\/www.proficon.sk\/hu\/wp-content\/uploads\/sites\/3\/2021\/09\/proficon-plotovy-system-04-1024x576.jpg\" alt=\"Plotov\u00fd syst\u00e9m Proficon\" data-id=\"335\" data-full-url=\"https:\/\/www.proficon.sk\/hu\/wp-content\/uploads\/sites\/3\/2021\/09\/proficon-plotovy-system-04.jpg\" data-link=\"https:\/\/www.proficon.sk\/stavba\/proficon-plotovy-system-04\/\" class=\"wp-image-335 fy-content__image fy-lazy js-lazy\" data-src=\"https:\/\/www.proficon.sk\/hu\/wp-content\/uploads\/sites\/3\/2021\/09\/proficon-plotovy-system-04-1024x576.jpg\" srcset=\"https:\/\/www.proficon.sk\/hu\/wp-content\/uploads\/sites\/3\/2021\/09\/proficon-plotovy-system-04-1024x576.jpg 1024w, https:\/\/www.proficon.sk\/hu\/wp-content\/uploads\/sites\/3\/2021\/09\/proficon-plotovy-system-04-300x169.jpg 300w, https:\/\/www.proficon.sk\/hu\/wp-content\/uploads\/sites\/3\/2021\/09\/proficon-plotovy-system-04-768x432.jpg 768w, https:\/\/www.proficon.sk\/hu\/wp-content\/uploads\/sites\/3\/2021\/09\/proficon-plotovy-system-04.jpg 1280w\" sizes=\"(max-width: 1024px) 100vw, 1024px\" \/><div class=\"fy-image-loading fy-image-loading--skeleton\" aria-hidden=\"true\"><\/div>\n<\/a><\/figure><\/li><\/ul><\/figure>\n\n\n\n<p><\/p>\n<\/div><\/div>\n<\/section>\n\n\n\n<section class=\"wp-block-group fy-section fy-section--block is-layout-flow wp-block-group-is-layout-flow\">\n<header class=\"wp-block-group fy-section__header fy-section__header--dots is-layout-flow wp-block-group-is-layout-flow\">\n<div class=\"wp-block-group fy-section__number is-layout-flow wp-block-group-is-layout-flow\">\n<p class=\"has-text-align-center\">3<\/p>\n<\/div>\n\n\n\n<div class=\"wp-block-group fy-align-center is-layout-flow wp-block-group-is-layout-flow\">\n<p class=\"has-text-align-center fy-section__badge\">Fejleszt\u00e9s alatt<\/p>\n<\/div>\n\n\n\n<h2 class=\"has-text-align-center wp-block-heading\"><strong>Proficon blokk<\/strong><\/h2>\n\n\n\n<div class=\"wp-block-group fy-section__content fy-centerer-75 is-layout-flow wp-block-group-is-layout-flow\">\n<p class=\"has-text-align-center\">M\u00e9rn\u00f6keink kifejlesztettek egy modern, innovat\u00edv blokkot, amely megk\u00f6nny\u00edti az \u00e9p\u00edtkez\u00e9st \u00e9s minim\u00e1lisra cs\u00f6kkenti a munka kivitelez\u00e9si k\u00f6lts\u00e9geit. A m\u0171hely\u00fcnkb\u0151l sz\u00e1rmaz\u00f3 blokkok \u00e1tfog\u00f3 rendszert biztos\u00edtanak h\u00e1zak, gar\u00e1zsok \u00e9s ker\u00edt\u00e9sek \u00e9p\u00edt\u00e9s\u00e9hez, amely meghat\u00e1rozza a falaz\u00f3 anyagok \u00e9s a betonszerkezetek fejleszt\u00e9s\u00e9nek tendenci\u00e1j\u00e1t.<\/p>\n<\/div>\n<\/header>\n\n\n\n<div class=\"wp-block-group fy-section__subtitle fy-section__subtitle--center is-layout-flow wp-block-group-is-layout-flow\">\n<p class=\"has-text-align-center\">A blokk \u00f6sszet\u00e9tele<\/p>\n<\/div>\n\n\n\n<div class=\"wp-block-columns fy-section__schema is-layout-flex wp-container-core-columns-is-layout-3 wp-block-columns-is-layout-flex\">\n<div class=\"wp-block-column is-vertically-aligned-center is-layout-flow wp-block-column-is-layout-flow\" style=\"flex-basis:25%\">\n<h3 class=\"wp-block-heading\">L\u00e1tsz\u00f3beton<\/h3>\n\n\n\n<h3 class=\"wp-block-heading\">\u00dcreg<\/h3>\n\n\n\n<p>K\u00f6z\u00e9pen egy \u00fcreg tal\u00e1lhat\u00f3 a v\u00edz, g\u00e1z szerelv\u00e9nyek \u00e9s villanyvezet\u00e9kek sz\u00e1m\u00e1ra. A telep\u00edt\u00e9s ut\u00e1n az \u00fcreget betonnal \u00f6ntik ki. Ez egyben az \u00e9p\u00fclet teherhord\u00f3 fala is.<\/p>\n<\/div>\n\n\n\n<div class=\"wp-block-column is-vertically-aligned-center is-layout-flow wp-block-column-is-layout-flow\" style=\"flex-basis:50%\">\n<figure class=\"wp-block-image size-full\"><img decoding=\"async\" src=\"data:image\/svg+xml,%3Csvg%20width%3D%22800%22%20height%3D%22840%22%20xmlns%3D%22http:\/\/www.w3.org\/2000\/svg%22%20viewBox%3D%220%200%20800%20840%22%3E%3C\/svg%3E\" alt=\"Tv\u00e1rnica Proficon\" class=\"wp-image-421 fy-content__image fy-lazy js-lazy\" width=\"800\" height=\"840\" data-src=\"https:\/\/www.proficon.sk\/hu\/wp-content\/uploads\/sites\/3\/2021\/09\/proficon-stavba-tvarnica-o.png\"><div class=\"fy-image-loading fy-image-loading--skeleton\" aria-hidden=\"true\"><\/div>\n<\/figure>\n<\/div>\n\n\n\n<div class=\"wp-block-column is-vertically-aligned-center is-layout-flow wp-block-column-is-layout-flow\" style=\"flex-basis:25%\">\n<h3 class=\"has-text-align-right wp-block-heading\">Szigetel\u00e9s<\/h3>\n\n\n\n<h3 class=\"has-text-align-right wp-block-heading\">Szerkezet<\/h3>\n\n\n\n<p class=\"has-text-align-right\">A blokk szerkezete kompozit anyagb\u00f3l k\u00e9sz\u00fcl.<\/p>\n<\/div>\n<\/div>\n<\/section>\n","protected":false},"excerpt":{"rendered":"<p>1 Diz\u00e1jn blokk A saj\u00e1t forradalmian \u00faj diz\u00e1jn blokkunkat els\u0151sorban a nem lak\u00e1sc\u00e9l\u00fa \u00e9p\u00fcletek, szigetel\u00e9s n\u00e9lk\u00fcli rakt\u00e1rak, gar\u00e1zsok, csarnokok, ker\u00edt\u00e9sek &#8230;<\/p>\n","protected":false},"author":1,"featured_media":330,"parent":0,"menu_order":20,"comment_status":"closed","ping_status":"closed","template":"template-building.php","meta":{"powered_cache_disable_cache":false,"footnotes":""},"class_list":["post-249","page","type-page","status-publish","has-post-thumbnail","hentry"],"_links":{"self":[{"href":"https:\/\/www.proficon.sk\/hu\/wp-json\/wp\/v2\/pages\/249","targetHints":{"allow":["GET"]}}],"collection":[{"href":"https:\/\/www.proficon.sk\/hu\/wp-json\/wp\/v2\/pages"}],"about":[{"href":"https:\/\/www.proficon.sk\/hu\/wp-json\/wp\/v2\/types\/page"}],"author":[{"embeddable":true,"href":"https:\/\/www.proficon.sk\/hu\/wp-json\/wp\/v2\/users\/1"}],"replies":[{"embeddable":true,"href":"https:\/\/www.proficon.sk\/hu\/wp-json\/wp\/v2\/comments?post=249"}],"version-history":[{"count":10,"href":"https:\/\/www.proficon.sk\/hu\/wp-json\/wp\/v2\/pages\/249\/revisions"}],"predecessor-version":[{"id":490,"href":"https:\/\/www.proficon.sk\/hu\/wp-json\/wp\/v2\/pages\/249\/revisions\/490"}],"wp:featuredmedia":[{"embeddable":true,"href":"https:\/\/www.proficon.sk\/hu\/wp-json\/wp\/v2\/media\/330"}],"wp:attachment":[{"href":"https:\/\/www.proficon.sk\/hu\/wp-json\/wp\/v2\/media?parent=249"}],"curies":[{"name":"wp","href":"https:\/\/api.w.org\/{rel}","templated":true}]}}